{"id":14573,"date":"2023-10-20T14:15:18","date_gmt":"2023-10-20T12:15:18","guid":{"rendered":"https:\/\/v2.ic-lotos.org.ba\/?page_id=14573"},"modified":"2025-02-06T09:29:17","modified_gmt":"2025-02-06T08:29:17","slug":"nas-tim","status":"publish","type":"page","link":"https:\/\/ic-lotos.org.ba\/en\/o-nama-old\/nas-tim\/","title":{"rendered":"Our team"},"content":{"rendered":"<div data-elementor-type=\"wp-page\" data-elementor-id=\"14573\" class=\"elementor elementor-14573\" data-elementor-post-type=\"page\">\n\t\t\t\t<div class=\"elementor-element elementor-element-926d1a1 e-con-full e-flex e-con e-parent\" data-id=\"926d1a1\" data-element_type=\"container\" data-e-type=\"container\">\n\t\t\t\t<div class=\"elementor-element elementor-element-903b807 elementor-widget__width-inherit elementor-widget-mobile__width-inherit elementor-widget elementor-widget-heading\" data-id=\"903b807\" data-element_type=\"widget\" data-e-type=\"widget\" data-settings=\"{&quot;avante_ext_is_scrollme&quot;:&quot;false&quot;,&quot;avante_ext_is_infinite&quot;:&quot;false&quot;,&quot;avante_ext_link_sidemenu&quot;:&quot;false&quot;}\" data-widget_type=\"heading.default\">\n\t\t\t\t<div class=\"elementor-widget-container\">\n\t\t\t\t\t<h2 class=\"elementor-heading-title elementor-size-default\">Our team<\/h2>\t\t\t\t<\/div>\n\t\t\t\t<\/div>\n\t\t\t\t<div class=\"elementor-element elementor-element-e216a96 elementor-widget elementor-widget-text-editor\" data-id=\"e216a96\" data-element_type=\"widget\" data-e-type=\"widget\" data-settings=\"{&quot;avante_ext_is_scrollme&quot;:&quot;false&quot;,&quot;avante_ext_is_smoove&quot;:&quot;false&quot;,&quot;avante_ext_is_parallax_mouse&quot;:&quot;false&quot;,&quot;avante_ext_is_infinite&quot;:&quot;false&quot;,&quot;avante_ext_link_sidemenu&quot;:&quot;false&quot;}\" data-widget_type=\"text-editor.default\">\n\t\t\t\t<div class=\"elementor-widget-container\">\n\t\t\t\t\t\t\t\t\t<p><span style=\"font-family: arial, helvetica, sans-serif;\"><img decoding=\"async\" class=\"alignleft\" src=\"https:\/\/ic-lotos.org.ba\/wp-content\/uploads\/2024\/09\/1-suad-image1-241x300.jpg\" alt=\"Suvad Zahirovi\u0107\" width=\"108\" height=\"134\" \/>Director of the association Suvad Zahirovi\u0107, born in 1962 in Br\u010dko, Bosnia and Herzegovina. He completed his primary education at the Institute for Blind and Visually Impaired Children in Sarajevo, and secondary school and the Faculty of Political Sciences in Belgrade. He started his professional career and activism in the Association of Blind Citizens of Tuzla. He is one of the founders and is currently the director of the Information Center for People with Disabilities &quot;Lotos&quot;. Since 1997, he has been one of the leading activists and advocates of the rights and dignity of persons with disabilities in Bosnia and Herzegovina. Through his activities in &quot;Lotos&quot;, he contributed to the unification of the movement of persons with disabilities, but also to the promotion of the inclusion of persons with disabilities and disability issues in the main policies in Bosnia and Herzegovina. He participated in all key processes in the field of disability in the country, and he is a good connoisseur and actively participates in the activities of organizations of people with disabilities in the Balkan region and in Europe. In the period from 2006 to 2011, he worked as an advisor for social policy in the cabinet of the Vice President of the Federation of Bosnia and Herzegovina. He was one of the key actors in creating the Unified Disability Policy in Bosnia and Herzegovina, one of the key actors in advocating for the ratification of the UN Convention on the Rights of Persons with Disabilities in Bosnia and Herzegovina, one of the creators of the alternative Report on the implementation of the Convention in Bosnia and Herzegovina. In the last few years, he has been actively promoting the philosophy of independent living and contributing to the empowerment of young people and women with disabilities for active participation in the disability movement and activities in the communities in which they live. He is currently engaged in the working group for the Development of a Disability Strategy in the Federation of Bosnia and Herzegovina, but also in the processes of preparing several legal solutions of importance for persons with disabilities.<\/span><\/p>\t\t\t\t\t\t\t\t<\/div>\n\t\t\t\t<\/div>\n\t\t\t\t<div class=\"elementor-element elementor-element-8867892 elementor-widget elementor-widget-text-editor\" data-id=\"8867892\" data-element_type=\"widget\" data-e-type=\"widget\" data-settings=\"{&quot;avante_ext_is_scrollme&quot;:&quot;false&quot;,&quot;avante_ext_is_smoove&quot;:&quot;false&quot;,&quot;avante_ext_is_parallax_mouse&quot;:&quot;false&quot;,&quot;avante_ext_is_infinite&quot;:&quot;false&quot;,&quot;avante_ext_link_sidemenu&quot;:&quot;false&quot;}\" data-widget_type=\"text-editor.default\">\n\t\t\t\t<div class=\"elementor-widget-container\">\n\t\t\t\t\t\t\t\t\t<p><span style=\"font-family: arial, helvetica, sans-serif;\"><img decoding=\"async\" class=\"alignleft\" src=\"https:\/\/ic-lotos.org.ba\/wp-content\/uploads\/2024\/09\/zumreta-1-e1726129932449.jpg\" alt=\"\" width=\"94\" height=\"118\" \/>The President of the Board of Directors, Dr. Sc. Zumreta Galija\u0161evi\u0107 Balukovi\u0107, was born in 1977 in Doboj. After completing primary school, she enrolled in and graduated from secondary mathematics school in 1996. She earned her bachelor&#039;s degree in economics in 2000, her master&#039;s degree in 2013, and her doctorate in economics, specializing in finance and banking, in 2016. She worked in the financial sector of Bosnia and Herzegovina. In 2010, she joined the movement of people with disabilities in Bosnia and Herzegovina. She is the President of the Board of Directors of the Information Center for People with Disabilities &quot;Lotos&quot; from Tuzla. The focus of her work is advocacy and research in the field of disability and socio-economic issues of people with disabilities, educational, mentoring and training work with organizations of people with disabilities to strengthen the capacities of organizations, work with young people and women with disabilities. As a defender of the rights of women with disabilities, she is particularly concerned with the issues of including disability in gender actions in BiH and defending the rights of women with disabilities. She has produced various scientific papers in the field of disability, studies and documents used in advocacy programs for improving the position of persons with disabilities, including Mapping accessible services for women with disabilities in the process of protection from gender-based violence, Summary of policies for the promotion of inclusive education in Tuzla Canton, Justification and social benefits of establishing personal assistance in BiH, The influence of parental attitudes about disability on the development of the capacities of children with disabilities, Accessible informal didactic tools for young people with disabilities in BiH, Curriculum and manual for training young people with disabilities for independent living, Management of personal assistance, Leading mutual support groups among persons with disabilities and many others. She participated in the preparation and development of strategic documents in BiH, Draft Gender Action Plan of FBiH, Action Plan for Combating Domestic Violence in Tuzla Canton, etc. She speaks English. She is a member of the Assembly of the Information Center for Persons with Disabilities &quot;Lotos&quot; from Tuzla and a member of the Assembly of the European Network for Independent Living ENIL.<\/span><\/p>\t\t\t\t\t\t\t\t<\/div>\n\t\t\t\t<\/div>\n\t\t\t\t<div class=\"elementor-element elementor-element-1623e93 elementor-widget elementor-widget-text-editor\" data-id=\"1623e93\" data-element_type=\"widget\" data-e-type=\"widget\" data-settings=\"{&quot;avante_ext_is_scrollme&quot;:&quot;false&quot;,&quot;avante_ext_is_smoove&quot;:&quot;false&quot;,&quot;avante_ext_is_parallax_mouse&quot;:&quot;false&quot;,&quot;avante_ext_is_infinite&quot;:&quot;false&quot;,&quot;avante_ext_link_sidemenu&quot;:&quot;false&quot;}\" data-widget_type=\"text-editor.default\">\n\t\t\t\t<div class=\"elementor-widget-container\">\n\t\t\t\t\t\t\t\t\t<p><span style=\"font-family: arial, helvetica, sans-serif;\"><img decoding=\"async\" class=\"alignleft\" src=\"https:\/\/ic-lotos.org.ba\/wp-content\/uploads\/2024\/09\/Sandra-e1726133798136-252x300.png\" alt=\"\" width=\"120\" height=\"nan\" \/>Program Manager Sandra Markovi\u0107 was born on October 12, 1976 in Sarajevo. She completed elementary and high school in Banja Luka and studied at the Faculty of Philosophy in Tuzla, Department of Social Work. She continued her education at the Institute for Gestalt and Integrative Therapy in Wursburg, Germany. Human rights and people have always been her subject of interest. As a volunteer, member and associate, she worked in many organizations, mainly dedicated to the fight for equality, security and inclusion of all those who are denied this. For 8 years, she has been working at IC \u201cLotos\u201d on the creation and implementation of various programs for women, youth and parents of people with disabilities.<\/span><\/p>\t\t\t\t\t\t\t\t<\/div>\n\t\t\t\t<\/div>\n\t\t\t\t<div class=\"elementor-element elementor-element-4bfcd5a elementor-widget elementor-widget-text-editor\" data-id=\"4bfcd5a\" data-element_type=\"widget\" data-e-type=\"widget\" data-settings=\"{&quot;avante_ext_is_scrollme&quot;:&quot;false&quot;,&quot;avante_ext_is_smoove&quot;:&quot;false&quot;,&quot;avante_ext_is_parallax_mouse&quot;:&quot;false&quot;,&quot;avante_ext_is_infinite&quot;:&quot;false&quot;,&quot;avante_ext_link_sidemenu&quot;:&quot;false&quot;}\" data-widget_type=\"text-editor.default\">\n\t\t\t\t<div class=\"elementor-widget-container\">\n\t\t\t\t\t\t\t\t\t<p><span style=\"background-color: transparent; color: #0d0d0d; font-family: arial, helvetica, sans-serif; font-size: 12pt; font-style: normal; font-weight: 400; white-space-collapse: preserve; text-align: var(--text-align); letter-spacing: 0px;\"><img decoding=\"async\" class=\"wp-image-15935 alignleft\" src=\"https:\/\/ic-lotos.org.ba\/wp-content\/uploads\/2025\/01\/Anes_Cehovic-270x300.jpg\" alt=\"\" width=\"118\" height=\"132\" srcset=\"https:\/\/ic-lotos.org.ba\/wp-content\/uploads\/2025\/01\/Anes_Cehovic-270x300.jpg 270w, https:\/\/ic-lotos.org.ba\/wp-content\/uploads\/2025\/01\/Anes_Cehovic-440x490.jpg 440w, https:\/\/ic-lotos.org.ba\/wp-content\/uploads\/2025\/01\/Anes_Cehovic.jpg 611w\" sizes=\"(max-width: 118px) 100vw, 118px\" \/> Anes \u0106ehovi\u0107, born in 1977, B.A. Speech therapist, director of INTRAG DOO for professional rehabilitation and employment of persons with disabilities Tuzla. Member of IC \u201cLotos\u201d since 2003. He is engaged in many social and professional activities, is recognized for his work in the field of empowerment of persons with disabilities, and actively participates in the development of projects and initiatives related to the rights and quality of life of persons with disabilities. With extensive experience in management, team leadership and organization of education, Anes contributes to the community through improving the living conditions of persons with disabilities, as well as work in the field of public policies and advocacy for their rights.<\/span><\/p>\t\t\t\t\t\t\t\t<\/div>\n\t\t\t\t<\/div>\n\t\t\t\t<div class=\"elementor-element elementor-element-cf13386 elementor-widget elementor-widget-text-editor\" data-id=\"cf13386\" data-element_type=\"widget\" data-e-type=\"widget\" data-settings=\"{&quot;avante_ext_is_scrollme&quot;:&quot;false&quot;,&quot;avante_ext_is_smoove&quot;:&quot;false&quot;,&quot;avante_ext_is_parallax_mouse&quot;:&quot;false&quot;,&quot;avante_ext_is_infinite&quot;:&quot;false&quot;,&quot;avante_ext_link_sidemenu&quot;:&quot;false&quot;}\" data-widget_type=\"text-editor.default\">\n\t\t\t\t<div class=\"elementor-widget-container\">\n\t\t\t\t\t\t\t\t\t<p style=\"text-align: left;\"><span style=\"font-size: 16px; font-weight: 400; text-align: justify; letter-spacing: 0px; font-family: arial, helvetica, sans-serif;\"><img loading=\"lazy\" decoding=\"async\" class=\"wp-image-15575 alignleft\" src=\"https:\/\/ic-lotos.org.ba\/wp-content\/uploads\/2024\/10\/Melisa-foto-200x300.jpg\" alt=\"\" width=\"98\" height=\"148\" srcset=\"https:\/\/ic-lotos.org.ba\/wp-content\/uploads\/2024\/10\/Melisa-foto-200x300.jpg 200w, https:\/\/ic-lotos.org.ba\/wp-content\/uploads\/2024\/10\/Melisa-foto-683x1024.jpg 683w, https:\/\/ic-lotos.org.ba\/wp-content\/uploads\/2024\/10\/Melisa-foto-768x1152.jpg 768w, https:\/\/ic-lotos.org.ba\/wp-content\/uploads\/2024\/10\/Melisa-foto-1024x1536.jpg 1024w, https:\/\/ic-lotos.org.ba\/wp-content\/uploads\/2024\/10\/Melisa-foto-1365x2048.jpg 1365w, https:\/\/ic-lotos.org.ba\/wp-content\/uploads\/2024\/10\/Melisa-foto-440x660.jpg 440w, https:\/\/ic-lotos.org.ba\/wp-content\/uploads\/2024\/10\/Melisa-foto-scaled.jpg 1707w\" sizes=\"(max-width: 98px) 100vw, 98px\" \/> Melisa Papi\u0107, project coordinator at the Information Center for Persons with Disabilities Lotos, was born in Peja. She completed her high school education in Tuzla, where she graduated from the University of Tuzla, earning the title of pedagogue-psychologist. Through more than 15 years of work in the government and non-governmental sectors, she has acquired various educations that have further improved her professional work. For many years, she has been actively involved in the non-governmental sector, dedicated to the fight for social justice and the advancement of the rights of children, youth and adults. She loves working with people and contributing to their personal and social development through various projects and initiatives. She especially enjoys education, helping people improve their skills and progress in life. Her work contributes to inclusivity and the creation of a more just society.<\/span><\/p>\t\t\t\t\t\t\t\t<\/div>\n\t\t\t\t<\/div>\n\t\t\t\t<div class=\"elementor-element elementor-element-63de874 elementor-widget elementor-widget-text-editor\" data-id=\"63de874\" data-element_type=\"widget\" data-e-type=\"widget\" data-settings=\"{&quot;avante_ext_is_scrollme&quot;:&quot;false&quot;,&quot;avante_ext_is_smoove&quot;:&quot;false&quot;,&quot;avante_ext_is_parallax_mouse&quot;:&quot;false&quot;,&quot;avante_ext_is_infinite&quot;:&quot;false&quot;,&quot;avante_ext_link_sidemenu&quot;:&quot;false&quot;}\" data-widget_type=\"text-editor.default\">\n\t\t\t\t<div class=\"elementor-widget-container\">\n\t\t\t\t\t\t\t\t\t<p style=\"text-align: justify;\"><span style=\"font-family: arial, helvetica, sans-serif;\"><img decoding=\"async\" class=\"alignleft\" src=\"https:\/\/ic-lotos.org.ba\/wp-content\/uploads\/2024\/09\/adisa_image-e1726131013256-270x300.jpg\" alt=\"\" width=\"120\" height=\"nan\" \/>Adisa Ki\u0161i\u0107, born in 1981 in Tuzla, Bosnia and Herzegovina. She completed primary and secondary teacher training in Tuzla and the Faculty of Philosophy in Tuzla, Department of Bosnian Language and Literature. Since 2014, she has been a public relations officer at the Information Center for Persons with Disabilities &quot;Lotos&quot; Tuzla, with the aim of presenting the abilities and possibilities of persons with disabilities in a positive way in the media. She participates in the implementation of activities and projects related to the rights and improvement of the position of persons with disabilities through work on strengthening their capacities for independent living. She pays special attention to the promotion of the rights and empowerment of women with disabilities. She is the author of a book of life stories about women with disabilities &quot;Captured Potentials&quot;. She is a member of the editorial board of the magazine for persons with disabilities &quot;Inicijativa&quot; and an administrator on FB IC &quot;Lotos&quot;. Through her work at Lotos, she provides counseling, information, education and peer support for young people and women with disabilities. It nurtures a friendly spirit and respect for dignity and human values by providing individual support to people with disabilities.<\/span><\/p>\t\t\t\t\t\t\t\t<\/div>\n\t\t\t\t<\/div>\n\t\t\t\t<div class=\"elementor-element elementor-element-5c6d647 elementor-widget elementor-widget-text-editor\" data-id=\"5c6d647\" data-element_type=\"widget\" data-e-type=\"widget\" data-settings=\"{&quot;avante_ext_is_scrollme&quot;:&quot;false&quot;,&quot;avante_ext_is_smoove&quot;:&quot;false&quot;,&quot;avante_ext_is_parallax_mouse&quot;:&quot;false&quot;,&quot;avante_ext_is_infinite&quot;:&quot;false&quot;,&quot;avante_ext_link_sidemenu&quot;:&quot;false&quot;}\" data-widget_type=\"text-editor.default\">\n\t\t\t\t<div class=\"elementor-widget-container\">\n\t\t\t\t\t\t\t\t\t<p><span style=\"font-family: arial, helvetica, sans-serif;\"><img decoding=\"async\" class=\"alignleft\" src=\"https:\/\/ic-lotos.org.ba\/wp-content\/uploads\/2024\/09\/Senaida-e1726132683363-253x300.jpg\" alt=\"\" width=\"120\" height=\"nan\" \/><\/span><\/p><p><span style=\"font-family: arial, helvetica, sans-serif;\">Senaida Sarajli\u0107 was born in 1995 in Tuzla. She gained her many years of activist experience in the non-governmental sector, focusing on issues of the rights and position of marginalized groups, and this determined her career. She graduated from the Faculty of Philosophy of the University of Tuzla in Psychology and earned a bachelor&#039;s degree in Psychology. Her professional beginnings were preceded by experience as an administrative assistant in the Youth Council of the Federation of Bosnia and Herzegovina. After that, she achieved her first consulting engagement in the Information Center for Persons with Disabilities &quot;Lotos&quot; where she continues to work on projects of psychosocial support for young people and women with disabilities. Through her work, she strives to contribute to the construction and promotion of comprehensive and sustainable inclusion, and the application of a human rights model that ensures respect for human needs and their differences. She is a member of the Society of Psychologists of the Federation of Bosnia and Herzegovina, whose activities are focused on the development and application of psychology as a science and practice.\u00a0<\/span><\/p><\/div><\/div><\/div><\/div> <a href=\"https:\/\/ic-lotos.org.ba\/en\/o-nama-old\/nas-tim\/#more-14573\" class=\"more-link elementor-more-link\"><span aria-label=\"Continue reading Na\u0161 tim\">(more&hellip;)<\/span><\/a><div class=\"gsp_post_data\" \r\n\t            data-post_type=\"page\" \r\n\t            data-cat=\"\" \r\n\t            data-modified=\"120\"\r\n\t            data-created=\"1697811318\"\r\n\t            data-title=\"Na\u0161 tim\" \r\n\t            data-home=\"https:\/\/ic-lotos.org.ba\/en\"><\/div>","protected":false},"excerpt":{"rendered":"<p>Na\u0161 tim Direktor udru\u017eenja Suvad Zahirovi\u0107, ro\u0111en 1962. u Br\u010dkom, Bosna i Hercegovina. Osnovno obrazovanje zavr\u0161io u Zavodu za slijepu i slabovidnu djecu u Sarajevu, a srednju \u0161kolu i fakultet politi\u010dkih nauka u Beogradu. Svoju profesionalnu karijeru i aktivizam je [&hellip;]<\/p>\n","protected":false},"author":1,"featured_media":0,"parent":5601,"menu_order":0,"comment_status":"closed","ping_status":"closed","template":"elementor_header_footer","meta":{"footnotes":""},"class_list":["post-14573","page","type-page","status-publish","hentry"],"yoast_head":"<!-- This site is optimized with the Yoast SEO plugin v27.4 - https:\/\/yoast.com\/product\/yoast-seo-wordpress\/ -->\n<title>Na\u0161 tim - IC Lotos Tuzla<\/title>\n<meta name=\"robots\" content=\"index, follow, max-snippet:-1, max-image-preview:large, max-video-preview:-1\" \/>\n<link rel=\"canonical\" href=\"https:\/\/ic-lotos.org.ba\/en\/o-nama-old\/nas-tim\/\" \/>\n<meta property=\"og:locale\" content=\"en_US\" \/>\n<meta property=\"og:type\" content=\"article\" \/>\n<meta property=\"og:title\" content=\"Na\u0161 tim - IC Lotos Tuzla\" \/>\n<meta property=\"og:description\" content=\"Na\u0161 tim Direktor udru\u017eenja Suvad Zahirovi\u0107, ro\u0111en 1962. u Br\u010dkom, Bosna i Hercegovina. Osnovno obrazovanje zavr\u0161io u Zavodu za slijepu i slabovidnu djecu u Sarajevu, a srednju \u0161kolu i fakultet politi\u010dkih nauka u Beogradu. Svoju profesionalnu karijeru i aktivizam je [&hellip;]\" \/>\n<meta property=\"og:url\" content=\"https:\/\/ic-lotos.org.ba\/en\/o-nama-old\/nas-tim\/\" \/>\n<meta property=\"og:site_name\" content=\"IC Lotos Tuzla\" \/>\n<meta property=\"article:publisher\" content=\"https:\/\/www.facebook.com\/iclotos\/\" \/>\n<meta property=\"article:modified_time\" content=\"2025-02-06T08:29:17+00:00\" \/>\n<meta property=\"og:image\" content=\"https:\/\/ic-lotos.org.ba\/wp-content\/uploads\/2024\/09\/1-suad-image1-241x300.jpg\" \/>\n<meta name=\"twitter:card\" content=\"summary_large_image\" \/>\n<meta name=\"twitter:label1\" content=\"Est. reading time\" \/>\n\t<meta name=\"twitter:data1\" content=\"12 minutes\" \/>\n<script type=\"application\/ld+json\" class=\"yoast-schema-graph\">{\"@context\":\"https:\\\/\\\/schema.org\",\"@graph\":[{\"@type\":\"WebPage\",\"@id\":\"https:\\\/\\\/ic-lotos.org.ba\\\/o-nama-old\\\/nas-tim\\\/\",\"url\":\"https:\\\/\\\/ic-lotos.org.ba\\\/o-nama-old\\\/nas-tim\\\/\",\"name\":\"Na\u0161 tim - IC Lotos Tuzla\",\"isPartOf\":{\"@id\":\"https:\\\/\\\/ic-lotos.org.ba\\\/#website\"},\"primaryImageOfPage\":{\"@id\":\"https:\\\/\\\/ic-lotos.org.ba\\\/o-nama-old\\\/nas-tim\\\/#primaryimage\"},\"image\":{\"@id\":\"https:\\\/\\\/ic-lotos.org.ba\\\/o-nama-old\\\/nas-tim\\\/#primaryimage\"},\"thumbnailUrl\":\"https:\\\/\\\/ic-lotos.org.ba\\\/wp-content\\\/uploads\\\/2024\\\/09\\\/1-suad-image1-241x300.jpg\",\"datePublished\":\"2023-10-20T12:15:18+00:00\",\"dateModified\":\"2025-02-06T08:29:17+00:00\",\"breadcrumb\":{\"@id\":\"https:\\\/\\\/ic-lotos.org.ba\\\/o-nama-old\\\/nas-tim\\\/#breadcrumb\"},\"inLanguage\":\"en-US\",\"potentialAction\":[{\"@type\":\"ReadAction\",\"target\":[\"https:\\\/\\\/ic-lotos.org.ba\\\/o-nama-old\\\/nas-tim\\\/\"]}]},{\"@type\":\"ImageObject\",\"inLanguage\":\"en-US\",\"@id\":\"https:\\\/\\\/ic-lotos.org.ba\\\/o-nama-old\\\/nas-tim\\\/#primaryimage\",\"url\":\"https:\\\/\\\/ic-lotos.org.ba\\\/wp-content\\\/uploads\\\/2024\\\/09\\\/1-suad-image1-241x300.jpg\",\"contentUrl\":\"https:\\\/\\\/ic-lotos.org.ba\\\/wp-content\\\/uploads\\\/2024\\\/09\\\/1-suad-image1-241x300.jpg\"},{\"@type\":\"BreadcrumbList\",\"@id\":\"https:\\\/\\\/ic-lotos.org.ba\\\/o-nama-old\\\/nas-tim\\\/#breadcrumb\",\"itemListElement\":[{\"@type\":\"ListItem\",\"position\":1,\"name\":\"Naslovna\",\"item\":\"https:\\\/\\\/ic-lotos.org.ba\\\/\"},{\"@type\":\"ListItem\",\"position\":2,\"name\":\"O nama\",\"item\":\"https:\\\/\\\/ic-lotos.org.ba\\\/o-nama-old\\\/\"},{\"@type\":\"ListItem\",\"position\":3,\"name\":\"Na\u0161 tim\"}]},{\"@type\":\"WebSite\",\"@id\":\"https:\\\/\\\/ic-lotos.org.ba\\\/#website\",\"url\":\"https:\\\/\\\/ic-lotos.org.ba\\\/\",\"name\":\"IC Lotos Tuzla\",\"description\":\"Informativni centar \u201cLotos\u201d okuplja osobe sa ili bez invaliditeta koje su zainteresovane da svojim radom bilo na profesionalnoj ili volonterskoj osnovi doprinesu ostvarivanju misije organizacije.\",\"publisher\":{\"@id\":\"https:\\\/\\\/ic-lotos.org.ba\\\/#organization\"},\"potentialAction\":[{\"@type\":\"SearchAction\",\"target\":{\"@type\":\"EntryPoint\",\"urlTemplate\":\"https:\\\/\\\/ic-lotos.org.ba\\\/?s={search_term_string}\"},\"query-input\":{\"@type\":\"PropertyValueSpecification\",\"valueRequired\":true,\"valueName\":\"search_term_string\"}}],\"inLanguage\":\"en-US\"},{\"@type\":\"Organization\",\"@id\":\"https:\\\/\\\/ic-lotos.org.ba\\\/#organization\",\"name\":\"IC Lotos Tuzla\",\"url\":\"https:\\\/\\\/ic-lotos.org.ba\\\/\",\"logo\":{\"@type\":\"ImageObject\",\"inLanguage\":\"en-US\",\"@id\":\"https:\\\/\\\/ic-lotos.org.ba\\\/#\\\/schema\\\/logo\\\/image\\\/\",\"url\":\"https:\\\/\\\/ic-lotos.org.ba\\\/wp-content\\\/uploads\\\/2019\\\/11\\\/logo.jpg\",\"contentUrl\":\"https:\\\/\\\/ic-lotos.org.ba\\\/wp-content\\\/uploads\\\/2019\\\/11\\\/logo.jpg\",\"width\":575,\"height\":623,\"caption\":\"IC Lotos Tuzla\"},\"image\":{\"@id\":\"https:\\\/\\\/ic-lotos.org.ba\\\/#\\\/schema\\\/logo\\\/image\\\/\"},\"sameAs\":[\"https:\\\/\\\/www.facebook.com\\\/iclotos\\\/\",\"https:\\\/\\\/www.youtube.com\\\/feed\\\/library\"]}]}<\/script>\n<!-- \/ Yoast SEO plugin. -->","yoast_head_json":{"title":"Na\u0161 tim - IC Lotos Tuzla","robots":{"index":"index","follow":"follow","max-snippet":"max-snippet:-1","max-image-preview":"max-image-preview:large","max-video-preview":"max-video-preview:-1"},"canonical":"https:\/\/ic-lotos.org.ba\/en\/o-nama-old\/nas-tim\/","og_locale":"en_US","og_type":"article","og_title":"Na\u0161 tim - IC Lotos Tuzla","og_description":"Na\u0161 tim Direktor udru\u017eenja Suvad Zahirovi\u0107, ro\u0111en 1962. u Br\u010dkom, Bosna i Hercegovina. Osnovno obrazovanje zavr\u0161io u Zavodu za slijepu i slabovidnu djecu u Sarajevu, a srednju \u0161kolu i fakultet politi\u010dkih nauka u Beogradu. Svoju profesionalnu karijeru i aktivizam je [&hellip;]","og_url":"https:\/\/ic-lotos.org.ba\/en\/o-nama-old\/nas-tim\/","og_site_name":"IC Lotos Tuzla","article_publisher":"https:\/\/www.facebook.com\/iclotos\/","article_modified_time":"2025-02-06T08:29:17+00:00","og_image":[{"url":"https:\/\/ic-lotos.org.ba\/wp-content\/uploads\/2024\/09\/1-suad-image1-241x300.jpg","type":"","width":"","height":""}],"twitter_card":"summary_large_image","twitter_misc":{"Est. reading time":"12 minutes"},"schema":{"@context":"https:\/\/schema.org","@graph":[{"@type":"WebPage","@id":"https:\/\/ic-lotos.org.ba\/o-nama-old\/nas-tim\/","url":"https:\/\/ic-lotos.org.ba\/o-nama-old\/nas-tim\/","name":"Na\u0161 tim - IC Lotos Tuzla","isPartOf":{"@id":"https:\/\/ic-lotos.org.ba\/#website"},"primaryImageOfPage":{"@id":"https:\/\/ic-lotos.org.ba\/o-nama-old\/nas-tim\/#primaryimage"},"image":{"@id":"https:\/\/ic-lotos.org.ba\/o-nama-old\/nas-tim\/#primaryimage"},"thumbnailUrl":"https:\/\/ic-lotos.org.ba\/wp-content\/uploads\/2024\/09\/1-suad-image1-241x300.jpg","datePublished":"2023-10-20T12:15:18+00:00","dateModified":"2025-02-06T08:29:17+00:00","breadcrumb":{"@id":"https:\/\/ic-lotos.org.ba\/o-nama-old\/nas-tim\/#breadcrumb"},"inLanguage":"en-US","potentialAction":[{"@type":"ReadAction","target":["https:\/\/ic-lotos.org.ba\/o-nama-old\/nas-tim\/"]}]},{"@type":"ImageObject","inLanguage":"en-US","@id":"https:\/\/ic-lotos.org.ba\/o-nama-old\/nas-tim\/#primaryimage","url":"https:\/\/ic-lotos.org.ba\/wp-content\/uploads\/2024\/09\/1-suad-image1-241x300.jpg","contentUrl":"https:\/\/ic-lotos.org.ba\/wp-content\/uploads\/2024\/09\/1-suad-image1-241x300.jpg"},{"@type":"BreadcrumbList","@id":"https:\/\/ic-lotos.org.ba\/o-nama-old\/nas-tim\/#breadcrumb","itemListElement":[{"@type":"ListItem","position":1,"name":"Naslovna","item":"https:\/\/ic-lotos.org.ba\/"},{"@type":"ListItem","position":2,"name":"O nama","item":"https:\/\/ic-lotos.org.ba\/o-nama-old\/"},{"@type":"ListItem","position":3,"name":"Na\u0161 tim"}]},{"@type":"WebSite","@id":"https:\/\/ic-lotos.org.ba\/#website","url":"https:\/\/ic-lotos.org.ba\/","name":"IC Lotos Tuzla","description":"Informativni centar \u201cLotos\u201d okuplja osobe sa ili bez invaliditeta koje su zainteresovane da svojim radom bilo na profesionalnoj ili volonterskoj osnovi doprinesu ostvarivanju misije organizacije.","publisher":{"@id":"https:\/\/ic-lotos.org.ba\/#organization"},"potentialAction":[{"@type":"SearchAction","target":{"@type":"EntryPoint","urlTemplate":"https:\/\/ic-lotos.org.ba\/?s={search_term_string}"},"query-input":{"@type":"PropertyValueSpecification","valueRequired":true,"valueName":"search_term_string"}}],"inLanguage":"en-US"},{"@type":"Organization","@id":"https:\/\/ic-lotos.org.ba\/#organization","name":"IC Lotos Tuzla","url":"https:\/\/ic-lotos.org.ba\/","logo":{"@type":"ImageObject","inLanguage":"en-US","@id":"https:\/\/ic-lotos.org.ba\/#\/schema\/logo\/image\/","url":"https:\/\/ic-lotos.org.ba\/wp-content\/uploads\/2019\/11\/logo.jpg","contentUrl":"https:\/\/ic-lotos.org.ba\/wp-content\/uploads\/2019\/11\/logo.jpg","width":575,"height":623,"caption":"IC Lotos Tuzla"},"image":{"@id":"https:\/\/ic-lotos.org.ba\/#\/schema\/logo\/image\/"},"sameAs":["https:\/\/www.facebook.com\/iclotos\/","https:\/\/www.youtube.com\/feed\/library"]}]}},"_links":{"self":[{"href":"https:\/\/ic-lotos.org.ba\/en\/wp-json\/wp\/v2\/pages\/14573","targetHints":{"allow":["GET"]}}],"collection":[{"href":"https:\/\/ic-lotos.org.ba\/en\/wp-json\/wp\/v2\/pages"}],"about":[{"href":"https:\/\/ic-lotos.org.ba\/en\/wp-json\/wp\/v2\/types\/page"}],"author":[{"embeddable":true,"href":"https:\/\/ic-lotos.org.ba\/en\/wp-json\/wp\/v2\/users\/1"}],"replies":[{"embeddable":true,"href":"https:\/\/ic-lotos.org.ba\/en\/wp-json\/wp\/v2\/comments?post=14573"}],"version-history":[{"count":156,"href":"https:\/\/ic-lotos.org.ba\/en\/wp-json\/wp\/v2\/pages\/14573\/revisions"}],"predecessor-version":[{"id":16092,"href":"https:\/\/ic-lotos.org.ba\/en\/wp-json\/wp\/v2\/pages\/14573\/revisions\/16092"}],"up":[{"embeddable":true,"href":"https:\/\/ic-lotos.org.ba\/en\/wp-json\/wp\/v2\/pages\/5601"}],"wp:attachment":[{"href":"https:\/\/ic-lotos.org.ba\/en\/wp-json\/wp\/v2\/media?parent=14573"}],"curies":[{"name":"wp","href":"https:\/\/api.w.org\/{rel}","templated":true}]}}