{"version":"1.0","provider_name":"IC Lotos Tuzla","provider_url":"https:\/\/ic-lotos.org.ba\/en","author_name":"Jasminko Bijeli\u0107","author_url":"https:\/\/ic-lotos.org.ba\/en\/author\/jasko\/","title":"Obilje\u017een Me\u0111unarodni dan osoba s invaliditetom - IC Lotos Tuzla","type":"rich","width":600,"height":338,"html":"<blockquote class=\"wp-embedded-content\" data-secret=\"A14WmxE5kn\"><a href=\"https:\/\/ic-lotos.org.ba\/en\/obiljezen-medjunarodni-dan-osoba-s-invaliditetom\/\">Obilje\u017een Me\u0111unarodni dan osoba s invaliditetom<\/a><\/blockquote><iframe sandbox=\"allow-scripts\" security=\"restricted\" src=\"https:\/\/ic-lotos.org.ba\/en\/obiljezen-medjunarodni-dan-osoba-s-invaliditetom\/embed\/#?secret=A14WmxE5kn\" width=\"600\" height=\"338\" title=\"&#8220;Obilje\u017een Me\u0111unarodni dan osoba s invaliditetom&#8221; &#8212; IC Lotos Tuzla\" data-secret=\"A14WmxE5kn\" frameborder=\"0\" marginwidth=\"0\" marginheight=\"0\" scrolling=\"no\" class=\"wp-embedded-content\"><\/iframe><script type=\"text\/javascript\">\n\/* <![CDATA[ *\/\n\/*! This file is auto-generated *\/\n!function(d,l){\"use strict\";l.querySelector&&d.addEventListener&&\"undefined\"!=typeof URL&&(d.wp=d.wp||{},d.wp.receiveEmbedMessage||(d.wp.receiveEmbedMessage=function(e){var t=e.data;if((t||t.secret||t.message||t.value)&&!\/[^a-zA-Z0-9]\/.test(t.secret)){for(var s,r,n,a=l.querySelectorAll('iframe[data-secret=\"'+t.secret+'\"]'),o=l.querySelectorAll('blockquote[data-secret=\"'+t.secret+'\"]'),c=new RegExp(\"^https?:$\",\"i\"),i=0;i<o.length;i++)o[i].style.display=\"none\";for(i=0;i<a.length;i++)s=a[i],e.source===s.contentWindow&&(s.removeAttribute(\"style\"),\"height\"===t.message?(1e3<(r=parseInt(t.value,10))?r=1e3:~~r<200&&(r=200),s.height=r):\"link\"===t.message&&(r=new URL(s.getAttribute(\"src\")),n=new URL(t.value),c.test(n.protocol))&&n.host===r.host&&l.activeElement===s&&(d.top.location.href=t.value))}},d.addEventListener(\"message\",d.wp.receiveEmbedMessage,!1),l.addEventListener(\"DOMContentLoaded\",function(){for(var e,t,s=l.querySelectorAll(\"iframe.wp-embedded-content\"),r=0;r<s.length;r++)(t=(e=s[r]).getAttribute(\"data-secret\"))||(t=Math.random().toString(36).substring(2,12),e.src+=\"#?secret=\"+t,e.setAttribute(\"data-secret\",t)),e.contentWindow.postMessage({message:\"ready\",secret:t},\"*\")},!1)))}(window,document);\n\/\/# sourceURL=https:\/\/ic-lotos.org.ba\/wp-includes\/js\/wp-embed.min.js\n\/* ]]> *\/\n<\/script>","thumbnail_url":"https:\/\/ic-lotos.org.ba\/wp-content\/uploads\/2015\/12\/images_3._decembar_2015_slika_1.jpg","thumbnail_width":700,"thumbnail_height":464,"description":"Tre\u0107i decembar, Me\u0111unarodni dan osoba sa invaliditetom povod je da se na razli\u010dite na\u010dine uka\u017ee na odnos dru\u0161tva prema vi\u0161e od tristo pedeset hiljada osoba sa invaliditetom od kojih ve\u0107ina pripada najugro\u017eenijoj i najsiroma\u0161nijoj grupi stanovnika Bosne i Hercegovine. Tim [&hellip;]"}